{"id":89,"date":"2024-02-27T14:20:53","date_gmt":"2024-02-27T13:20:53","guid":{"rendered":"https:\/\/www.hoteldelamer.bzh\/tourisme\/"},"modified":"2026-01-12T15:54:37","modified_gmt":"2026-01-12T14:54:37","slug":"tourismus-besuchen-finistere","status":"publish","type":"page","link":"https:\/\/www.hoteldelamer.bzh\/de\/tourisme-visiter-le-finistere\/","title":{"rendered":"Spazieren gehen"},"content":{"rendered":"\t\t<div data-elementor-type=\"wp-page\" data-elementor-id=\"89\" class=\"elementor elementor-89\" data-elementor-post-type=\"page\">\n\t\t\t\t<section class=\"elementor-element elementor-element-df124b2 e-con-full ecran1 e-flex e-con e-parent\" data-id=\"df124b2\" data-element_type=\"container\" data-e-type=\"container\" id=\"ecran1\" data-settings=\"{&quot;background_background&quot;:&quot;classic&quot;}\">\n\t\t<div class=\"elementor-element elementor-element-ac4928d e-con-full container-titre e-flex e-con e-child\" data-id=\"ac4928d\" data-element_type=\"container\" data-e-type=\"container\">\n\t\t\t\t<div class=\"elementor-element elementor-element-7988e4d elementor-widget elementor-widget-heading\" data-id=\"7988e4d\" data-element_type=\"widget\" data-e-type=\"widget\" data-widget_type=\"heading.default\">\n\t\t\t\t<div class=\"elementor-widget-container\">\n\t\t\t\t\t<span class=\"elementor-heading-title elementor-size-default\">se balader<\/span>\t\t\t\t<\/div>\n\t\t\t\t<\/div>\n\t\t\t\t<div class=\"elementor-element elementor-element-beda4de elementor-widget-mobile__width-initial elementor-widget elementor-widget-heading\" data-id=\"beda4de\" data-element_type=\"widget\" data-e-type=\"widget\" data-widget_type=\"heading.default\">\n\t\t\t\t<div class=\"elementor-widget-container\">\n\t\t\t\t\t<span class=\"elementor-heading-title elementor-size-default\">le long du littoral breton<\/span>\t\t\t\t<\/div>\n\t\t\t\t<\/div>\n\t\t\t\t<\/div>\n\t\t\t\t<div class=\"elementor-element elementor-element-7c67177 elementor-view-default elementor-widget elementor-widget-icon\" data-id=\"7c67177\" data-element_type=\"widget\" data-e-type=\"widget\" data-widget_type=\"icon.default\">\n\t\t\t\t<div class=\"elementor-widget-container\">\n\t\t\t\t\t\t\t<div class=\"elementor-icon-wrapper\">\n\t\t\t<a class=\"elementor-icon\" href=\"#introduction\">\n\t\t\t<svg xmlns=\"http:\/\/www.w3.org\/2000\/svg\" width=\"30.71\" height=\"53.536\" viewBox=\"0 0 30.71 53.536\"><g id=\"Button-ancre\" transform=\"translate(1.192 0.85)\"><g id=\"Groupe_341\" data-name=\"Groupe 341\" transform=\"translate(2019.854 -1172.207) rotate(90)\"><line id=\"Ligne_94\" data-name=\"Ligne 94\" x2=\"51.483\" transform=\"translate(1172.207 2005.691)\" fill=\"none\" stroke=\"#fff\" stroke-linecap=\"round\" stroke-width=\"1.7\"><\/line><g id=\"Groupe_260\" data-name=\"Groupe 260\" transform=\"translate(1211.852 2019.854) rotate(-90)\"><path id=\"Trac&#xE9;_9\" data-name=\"Trac&#xE9; 9\" d=\"M0,0A172.236,172.236,0,0,1,14.163,11.838\" transform=\"translate(0 0)\" fill=\"none\" stroke=\"#fff\" stroke-linecap=\"round\" stroke-width=\"1.7\"><\/path><path id=\"Trac&#xE9;_10\" data-name=\"Trac&#xE9; 10\" d=\"M14.163,0A172.236,172.236,0,0,0,0,11.838\" transform=\"translate(14.163 0)\" fill=\"none\" stroke=\"#fff\" stroke-linecap=\"round\" stroke-width=\"1.7\"><\/path><\/g><\/g><\/g><\/svg>\t\t\t<\/a>\n\t\t<\/div>\n\t\t\t\t\t\t<\/div>\n\t\t\t\t<\/div>\n\t\t\t\t<\/section>\n\t\t<section class=\"elementor-element elementor-element-b5b66ee e-con-full se-balader-intro e-flex e-con e-parent\" data-id=\"b5b66ee\" data-element_type=\"container\" data-e-type=\"container\" id=\"introduction\">\n\t\t<div class=\"elementor-element elementor-element-407f4f1 e-con-full col-image e-flex e-con e-child\" data-id=\"407f4f1\" data-element_type=\"container\" data-e-type=\"container\" data-settings=\"{&quot;background_background&quot;:&quot;classic&quot;}\">\n\t\t<div class=\"elementor-element elementor-element-04380a0 e-con-full elementor-hidden-mobile e-flex e-con e-child\" data-id=\"04380a0\" data-element_type=\"container\" data-e-type=\"container\" data-settings=\"{&quot;position&quot;:&quot;absolute&quot;}\">\n\t\t\t\t<div class=\"elementor-element elementor-element-180af40 image elementor-widget-mobile__width-initial elementor-widget__width-inherit elementor-widget elementor-widget-image\" data-id=\"180af40\" data-element_type=\"widget\" data-e-type=\"widget\" data-widget_type=\"image.default\">\n\t\t\t\t<div class=\"elementor-widget-container\">\n\t\t\t\t\t\t\t\t\t\t\t\t\t\t\t<img fetchpriority=\"high\" decoding=\"async\" width=\"1200\" height=\"1800\" src=\"https:\/\/www.hoteldelamer.bzh\/wp-content\/uploads\/2024\/10\/free-photo-of-mer-paysage-plage-gens.jpeg\" class=\"attachment-full size-full wp-image-6877\" alt=\"\" srcset=\"https:\/\/www.hoteldelamer.bzh\/wp-content\/uploads\/2024\/10\/free-photo-of-mer-paysage-plage-gens.jpeg 1200w, https:\/\/www.hoteldelamer.bzh\/wp-content\/uploads\/2024\/10\/free-photo-of-mer-paysage-plage-gens-200x300.jpeg 200w, https:\/\/www.hoteldelamer.bzh\/wp-content\/uploads\/2024\/10\/free-photo-of-mer-paysage-plage-gens-683x1024.jpeg 683w, https:\/\/www.hoteldelamer.bzh\/wp-content\/uploads\/2024\/10\/free-photo-of-mer-paysage-plage-gens-768x1152.jpeg 768w, https:\/\/www.hoteldelamer.bzh\/wp-content\/uploads\/2024\/10\/free-photo-of-mer-paysage-plage-gens-1024x1536.jpeg 1024w, https:\/\/www.hoteldelamer.bzh\/wp-content\/uploads\/2024\/10\/free-photo-of-mer-paysage-plage-gens-8x12.jpeg 8w\" sizes=\"(max-width: 1200px) 100vw, 1200px\" title=\"\">\t\t\t\t\t\t\t\t\t\t\t\t\t\t\t<\/div>\n\t\t\t\t<\/div>\n\t\t\t\t<\/div>\n\t\t\t\t<\/div>\n\t\t<div class=\"elementor-element elementor-element-0477f7e e-con-full col-texte e-flex e-con e-child\" data-id=\"0477f7e\" data-element_type=\"container\" data-e-type=\"container\">\n\t\t<article class=\"elementor-element elementor-element-af4282c article e-con-full e-flex e-con e-child\" data-id=\"af4282c\" data-element_type=\"container\" data-e-type=\"container\" data-settings=\"{&quot;background_background&quot;:&quot;classic&quot;}\">\n\t\t\t\t<div class=\"elementor-element elementor-element-80f47cb elementor-widget__width-inherit elementor-widget-mobile__width-initial elementor-widget elementor-widget-heading\" data-id=\"80f47cb\" data-element_type=\"widget\" data-e-type=\"widget\" data-widget_type=\"heading.default\">\n\t\t\t\t<div class=\"elementor-widget-container\">\n\t\t\t\t\t<span class=\"elementor-heading-title elementor-size-default\">La C\u00f4te des<\/span>\t\t\t\t<\/div>\n\t\t\t\t<\/div>\n\t\t\t\t<div class=\"elementor-element elementor-element-1b03946 elementor-widget__width-inherit elementor-widget-mobile__width-initial elementor-widget elementor-widget-heading\" data-id=\"1b03946\" data-element_type=\"widget\" data-e-type=\"widget\" data-widget_type=\"heading.default\">\n\t\t\t\t<div class=\"elementor-widget-container\">\n\t\t\t\t\t<span class=\"elementor-heading-title elementor-size-default\">L\u00e9gendes<\/span>\t\t\t\t<\/div>\n\t\t\t\t<\/div>\n\t\t\t\t<div class=\"elementor-element elementor-element-eee050e elementor-widget-tablet_extra__width-initial elementor-widget elementor-widget-heading\" data-id=\"eee050e\" data-element_type=\"widget\" data-e-type=\"widget\" data-widget_type=\"heading.default\">\n\t\t\t\t<div class=\"elementor-widget-container\">\n\t\t\t\t\t<h1 class=\"elementor-heading-title elementor-size-default\">Visiter le Finist\u00e8re<\/h1>\t\t\t\t<\/div>\n\t\t\t\t<\/div>\n\t\t\t\t<div class=\"elementor-element elementor-element-e8a6ee3 elementor-widget__width-initial elementor-widget elementor-widget-text-editor\" data-id=\"e8a6ee3\" data-element_type=\"widget\" data-e-type=\"widget\" data-widget_type=\"text-editor.default\">\n\t\t\t\t<div class=\"elementor-widget-container\">\n\t\t\t\t\t\t\t\t\t<p><span class=\"a_GcMg font-feature-liga-off font-feature-clig-off font-feature-calt-off text-decoration-none text-strikethrough-none\" style=\"color: rgba(75,100,111,var(--O42jJQ,1)); caret-color: rgb(75, 100, 111); --Ys-XuQ: none; font-kerning: normal;\">Entre landes, lumi\u00e8re changeante et horizon marin, la C\u00f4te des L\u00e9gendes d\u00e9voile une Bretagne \u00e0 la fois sauvage et po\u00e9tique.<\/span><span class=\"a_GcMg font-feature-liga-off font-feature-clig-off font-feature-calt-off text-decoration-none text-strikethrough-none white-space-prewrap\" style=\"color: rgba(75,100,111,var(--O42jJQ,1)); caret-color: rgb(75, 100, 111); --Ys-XuQ: none; font-kerning: normal;\">  <\/span><span class=\"a_GcMg font-feature-liga-off font-feature-clig-off font-feature-calt-off text-decoration-none text-strikethrough-none\" style=\"color: rgba(75,100,111,var(--O42jJQ,1)); caret-color: rgb(75, 100, 111); --Ys-XuQ: none; font-kerning: normal;\">Ici, chaque paysage semble raconter une histoire, port\u00e9e par le vent, les mar\u00e9es et les r\u00e9cits d\u2019autrefois. Cette c\u00f4te singuli\u00e8re offre une beaut\u00e9 brute, intacte, o\u00f9 les couleurs de l\u2019oc\u00e9an se m\u00ealent aux nuances min\u00e9rales du littoral. Une terre d\u2019\u00e9motions, o\u00f9 l\u2019on vient pour se ressourcer, s\u2019\u00e9merveiller et retrouver un lien profond avec la nature. Un nom qui inspire, une atmosph\u00e8re qui se vit : la C\u00f4te des L\u00e9gendes, authentique et intemporelle, pr\u00eate \u00e0 se d\u00e9voiler \u00e0 ceux qui prennent le temps de la d\u00e9couvrir.<\/span><\/p>\t\t\t\t\t\t\t\t<\/div>\n\t\t\t\t<\/div>\n\t\t\t\t<\/article>\n\t\t\t\t<\/div>\n\t\t<div class=\"elementor-element elementor-element-bc8b67f e-con-full elementor-hidden-mobile col-image e-flex e-con e-child\" data-id=\"bc8b67f\" data-element_type=\"container\" data-e-type=\"container\">\n\t\t<div class=\"elementor-element elementor-element-6fe8eff e-con-full e-flex e-con e-child\" data-id=\"6fe8eff\" data-element_type=\"container\" data-e-type=\"container\" data-settings=\"{&quot;position&quot;:&quot;absolute&quot;}\">\n\t\t\t\t<div class=\"elementor-element elementor-element-ebdeee1 image elementor-widget-mobile__width-initial elementor-widget__width-inherit elementor-widget elementor-widget-image\" data-id=\"ebdeee1\" data-element_type=\"widget\" data-e-type=\"widget\" data-widget_type=\"image.default\">\n\t\t\t\t<div class=\"elementor-widget-container\">\n\t\t\t\t\t\t\t\t\t\t\t\t\t\t\t<img decoding=\"async\" width=\"1126\" height=\"1688\" src=\"https:\/\/www.hoteldelamer.bzh\/wp-content\/uploads\/2024\/10\/wendyboussard-phare-pontusval-2.jpg\" class=\"attachment-full size-full wp-image-6861\" alt=\"\" srcset=\"https:\/\/www.hoteldelamer.bzh\/wp-content\/uploads\/2024\/10\/wendyboussard-phare-pontusval-2.jpg 1126w, https:\/\/www.hoteldelamer.bzh\/wp-content\/uploads\/2024\/10\/wendyboussard-phare-pontusval-2-200x300.jpg 200w, https:\/\/www.hoteldelamer.bzh\/wp-content\/uploads\/2024\/10\/wendyboussard-phare-pontusval-2-683x1024.jpg 683w, https:\/\/www.hoteldelamer.bzh\/wp-content\/uploads\/2024\/10\/wendyboussard-phare-pontusval-2-768x1151.jpg 768w, https:\/\/www.hoteldelamer.bzh\/wp-content\/uploads\/2024\/10\/wendyboussard-phare-pontusval-2-1025x1536.jpg 1025w, https:\/\/www.hoteldelamer.bzh\/wp-content\/uploads\/2024\/10\/wendyboussard-phare-pontusval-2-8x12.jpg 8w\" sizes=\"(max-width: 1126px) 100vw, 1126px\" title=\"\">\t\t\t\t\t\t\t\t\t\t\t\t\t\t\t<\/div>\n\t\t\t\t<\/div>\n\t\t\t\t<\/div>\n\t\t\t\t<\/div>\n\t\t\t\t<\/section>\n\t\t<section class=\"elementor-element elementor-element-1e21e2f e-con-full se-balader-ecran-carousel section-overflow-hidden e-flex e-con e-parent\" data-id=\"1e21e2f\" data-element_type=\"container\" data-e-type=\"container\" id=\"profiter-balades\">\n\t\t<div class=\"elementor-element elementor-element-1eb21eb container e-flex e-con-boxed e-con e-child\" data-id=\"1eb21eb\" data-element_type=\"container\" data-e-type=\"container\">\n\t\t\t\t\t<div class=\"e-con-inner\">\n\t\t\t\t<div class=\"elementor-element elementor-element-e6b0c5c elementor-widget__width-auto elementor-widget elementor-widget-heading\" data-id=\"e6b0c5c\" data-element_type=\"widget\" data-e-type=\"widget\" data-widget_type=\"heading.default\">\n\t\t\t\t<div class=\"elementor-widget-container\">\n\t\t\t\t\t<span class=\"elementor-heading-title elementor-size-default\">d\u00e9couvrez nos<\/span>\t\t\t\t<\/div>\n\t\t\t\t<\/div>\n\t\t\t\t<div class=\"elementor-element elementor-element-8ea78ce elementor-widget-mobile__width-initial elementor-widget__width-auto elementor-widget elementor-widget-heading\" data-id=\"8ea78ce\" data-element_type=\"widget\" data-e-type=\"widget\" data-widget_type=\"heading.default\">\n\t\t\t\t<div class=\"elementor-widget-container\">\n\t\t\t\t\t<span class=\"elementor-heading-title elementor-size-default\">balades<\/span>\t\t\t\t<\/div>\n\t\t\t\t<\/div>\n\t\t\t\t\t<\/div>\n\t\t\t\t<\/div>\n\t\t<div class=\"elementor-element elementor-element-c480320 container e-flex e-con-boxed e-con e-child\" data-id=\"c480320\" data-element_type=\"container\" data-e-type=\"container\">\n\t\t\t\t\t<div class=\"e-con-inner\">\n\t\t\t\t<div class=\"elementor-element elementor-element-19af772 elementor-widget__width-inherit se-balader-carousel-balades elementor-arrows-position-inside elementor-widget elementor-widget-n-carousel\" data-id=\"19af772\" data-element_type=\"widget\" data-e-type=\"widget\" data-settings=\"{&quot;carousel_items&quot;:[{&quot;slide_title&quot;:&quot;Diapositive N\\u00b01&quot;,&quot;_id&quot;:&quot;9c10239&quot;},{&quot;slide_title&quot;:&quot;Diapositive N\\u00b02&quot;,&quot;_id&quot;:&quot;e452489&quot;},{&quot;slide_title&quot;:&quot;Diapositive N\\u00b04&quot;,&quot;_id&quot;:&quot;bd363d7&quot;},{&quot;slide_title&quot;:&quot;Diapositive N\\u00b05&quot;,&quot;_id&quot;:&quot;2c4c57d&quot;},{&quot;slide_title&quot;:&quot;Diapositive N\\u00b03&quot;,&quot;_id&quot;:&quot;1a9278c&quot;},{&quot;slide_title&quot;:&quot;Diapositive N\\u00b06&quot;,&quot;_id&quot;:&quot;136d6be&quot;}],&quot;offset_sides&quot;:&quot;right&quot;,&quot;offset_width_laptop&quot;:{&quot;unit&quot;:&quot;px&quot;,&quot;size&quot;:200,&quot;sizes&quot;:[]},&quot;offset_width_mobile&quot;:{&quot;unit&quot;:&quot;px&quot;,&quot;size&quot;:0,&quot;sizes&quot;:[]},&quot;slides_to_show&quot;:&quot;3&quot;,&quot;slides_to_show_laptop&quot;:&quot;3&quot;,&quot;slides_to_show_tablet_extra&quot;:&quot;3&quot;,&quot;slides_to_scroll&quot;:&quot;1&quot;,&quot;slides_to_scroll_laptop&quot;:&quot;1&quot;,&quot;slides_to_scroll_tablet_extra&quot;:&quot;1&quot;,&quot;slides_to_scroll_tablet&quot;:&quot;1&quot;,&quot;slides_to_scroll_mobile&quot;:&quot;1&quot;,&quot;offset_width&quot;:{&quot;unit&quot;:&quot;px&quot;,&quot;size&quot;:350,&quot;sizes&quot;:[]},&quot;offset_width_tablet&quot;:{&quot;unit&quot;:&quot;px&quot;,&quot;size&quot;:100,&quot;sizes&quot;:[]},&quot;image_spacing_custom&quot;:{&quot;unit&quot;:&quot;custom&quot;,&quot;size&quot;:&quot;32&quot;,&quot;sizes&quot;:[]},&quot;image_spacing_custom_laptop&quot;:{&quot;unit&quot;:&quot;custom&quot;,&quot;size&quot;:&quot;32&quot;,&quot;sizes&quot;:[]},&quot;image_spacing_custom_tablet_extra&quot;:{&quot;unit&quot;:&quot;px&quot;,&quot;size&quot;:25,&quot;sizes&quot;:[]},&quot;image_spacing_custom_tablet&quot;:{&quot;unit&quot;:&quot;rem&quot;,&quot;size&quot;:&quot;&quot;,&quot;sizes&quot;:[]},&quot;image_spacing_custom_mobile&quot;:{&quot;unit&quot;:&quot;rem&quot;,&quot;size&quot;:&quot;&quot;,&quot;sizes&quot;:[]},&quot;slides_to_show_tablet&quot;:&quot;2&quot;,&quot;slides_to_show_mobile&quot;:&quot;1&quot;,&quot;autoplay&quot;:&quot;yes&quot;,&quot;autoplay_speed&quot;:5000,&quot;pause_on_hover&quot;:&quot;yes&quot;,&quot;pause_on_interaction&quot;:&quot;yes&quot;,&quot;infinite&quot;:&quot;yes&quot;,&quot;speed&quot;:500,&quot;offset_width_tablet_extra&quot;:{&quot;unit&quot;:&quot;px&quot;,&quot;size&quot;:&quot;&quot;,&quot;sizes&quot;:[]},&quot;arrows&quot;:&quot;yes&quot;}\" data-widget_type=\"nested-carousel.default\">\n\t\t\t\t<div class=\"elementor-widget-container\">\n\t\t\t\t\t\t\t<div class=\"e-n-carousel swiper\" role=\"region\" aria-roledescription=\"carousel\" aria-label=\"Carousel\" dir=\"ltr\">\n\t\t\t<div class=\"swiper-wrapper\" aria-live=\"off\">\n\t\t\t\t\t\t\t\t\t\t<div class=\"swiper-slide\" data-slide=\"1\" role=\"group\" aria-roledescription=\"slide\" aria-label=\"1 sur 6\">\n\t\t\t\t\t\t\t<div class=\"elementor-element elementor-element-f37a057 e-flex e-con-boxed e-con e-child\" data-id=\"f37a057\" data-element_type=\"container\" data-e-type=\"container\">\n\t\t\t\t\t<div class=\"e-con-inner\">\n\t\t<div class=\"elementor-element elementor-element-9695d0f content-background e-flex e-con-boxed e-con e-child\" data-id=\"9695d0f\" data-element_type=\"container\" data-e-type=\"container\" data-settings=\"{&quot;background_background&quot;:&quot;classic&quot;}\">\n\t\t\t\t\t<div class=\"e-con-inner\">\n\t\t\t\t<div class=\"elementor-element elementor-element-2b72c29 popup-atelier-creatif elementor-widget elementor-widget-image\" data-id=\"2b72c29\" data-element_type=\"widget\" data-e-type=\"widget\" data-widget_type=\"image.default\">\n\t\t\t\t<div class=\"elementor-widget-container\">\n\t\t\t\t\t\t\t\t\t\t\t\t\t\t\t<img decoding=\"async\" width=\"960\" height=\"640\" src=\"https:\/\/www.hoteldelamer.bzh\/wp-content\/uploads\/2026\/01\/82264111_2800101526715080_8967863680796459008_o-1.jpg\" class=\"attachment-full size-full wp-image-9560\" alt=\"\" srcset=\"https:\/\/www.hoteldelamer.bzh\/wp-content\/uploads\/2026\/01\/82264111_2800101526715080_8967863680796459008_o-1.jpg 960w, https:\/\/www.hoteldelamer.bzh\/wp-content\/uploads\/2026\/01\/82264111_2800101526715080_8967863680796459008_o-1-300x200.jpg 300w, https:\/\/www.hoteldelamer.bzh\/wp-content\/uploads\/2026\/01\/82264111_2800101526715080_8967863680796459008_o-1-768x512.jpg 768w, https:\/\/www.hoteldelamer.bzh\/wp-content\/uploads\/2026\/01\/82264111_2800101526715080_8967863680796459008_o-1-18x12.jpg 18w\" sizes=\"(max-width: 960px) 100vw, 960px\" title=\"\">\t\t\t\t\t\t\t\t\t\t\t\t\t\t\t<\/div>\n\t\t\t\t<\/div>\n\t\t\t\t\t<\/div>\n\t\t\t\t<\/div>\n\t\t<div class=\"elementor-element elementor-element-592a81c e-flex e-con-boxed e-con e-child\" data-id=\"592a81c\" data-element_type=\"container\" data-e-type=\"container\" data-settings=\"{&quot;background_background&quot;:&quot;classic&quot;}\">\n\t\t\t\t\t<div class=\"e-con-inner\">\n\t\t\t\t<div class=\"elementor-element elementor-element-ccbc997 elementor-widget elementor-widget-heading\" data-id=\"ccbc997\" data-element_type=\"widget\" data-e-type=\"widget\" data-widget_type=\"heading.default\">\n\t\t\t\t<div class=\"elementor-widget-container\">\n\t\t\t\t\t<h3 class=\"elementor-heading-title elementor-size-default\">LE SENTIER DES DOUANIERS<\/h3>\t\t\t\t<\/div>\n\t\t\t\t<\/div>\n\t\t\t\t<div class=\"elementor-element elementor-element-a53bad6 elementor-widget__width-initial elementor-widget elementor-widget-text-editor\" data-id=\"a53bad6\" data-element_type=\"widget\" data-e-type=\"widget\" data-widget_type=\"text-editor.default\">\n\t\t\t\t<div class=\"elementor-widget-container\">\n\t\t\t\t\t\t\t\t\t<div><div><div><p>Il longe la c\u00f4te au plus pr\u00e8s de la mer, offrant une immersion continue dans les paysages de la Bretagne. Itin\u00e9raire embl\u00e9matique, le tron\u00e7on de la C\u00f4te des L\u00e9gendes n\u2019en repr\u00e9sente qu\u2019un fragment, parmi les plus sauvages. Entre falaises, plages secr\u00e8tes et landes balay\u00e9es par le vent, chaque pas r\u00e9v\u00e8le une nouvelle perspective sur l\u2019oc\u00e9an. Une Grande Randonn\u00e9e (GR34) embl\u00e9matique, id\u00e9ale pour marcher au rythme des mar\u00e9es et d\u00e9couvrir le littoral breton dans toute son authenticit\u00e9.<\/p><\/div><\/div><\/div>\t\t\t\t\t\t\t\t<\/div>\n\t\t\t\t<\/div>\n\t\t\t\t\t<\/div>\n\t\t\t\t<\/div>\n\t\t\t\t\t<\/div>\n\t\t\t\t<\/div>\n\t\t\t\t\t\t\t\t<\/div>\n\t\t\t\t\t\t\t\t\t\t\t<div class=\"swiper-slide\" data-slide=\"2\" role=\"group\" aria-roledescription=\"slide\" aria-label=\"2 sur 6\">\n\t\t\t\t\t\t\t<div class=\"elementor-element elementor-element-8dc9fc3 e-flex e-con-boxed e-con e-child\" data-id=\"8dc9fc3\" data-element_type=\"container\" data-e-type=\"container\">\n\t\t\t\t\t<div class=\"e-con-inner\">\n\t\t<div class=\"elementor-element elementor-element-4b16021 content-background e-flex e-con-boxed e-con e-child\" data-id=\"4b16021\" data-element_type=\"container\" data-e-type=\"container\" data-settings=\"{&quot;background_background&quot;:&quot;classic&quot;}\">\n\t\t\t\t\t<div class=\"e-con-inner\">\n\t\t\t\t<div class=\"elementor-element elementor-element-bb30a2f popup-atelier-creatif elementor-widget elementor-widget-image\" data-id=\"bb30a2f\" data-element_type=\"widget\" data-e-type=\"widget\" data-widget_type=\"image.default\">\n\t\t\t\t<div class=\"elementor-widget-container\">\n\t\t\t\t\t\t\t\t\t\t\t\t\t\t\t<img loading=\"lazy\" decoding=\"async\" width=\"1210\" height=\"1052\" src=\"https:\/\/www.hoteldelamer.bzh\/wp-content\/uploads\/2026\/01\/Capture-decran-2026-01-12-a-14.29.10.png\" class=\"attachment-full size-full wp-image-9558\" alt=\"\" srcset=\"https:\/\/www.hoteldelamer.bzh\/wp-content\/uploads\/2026\/01\/Capture-decran-2026-01-12-a-14.29.10.png 1210w, https:\/\/www.hoteldelamer.bzh\/wp-content\/uploads\/2026\/01\/Capture-decran-2026-01-12-a-14.29.10-300x261.png 300w, https:\/\/www.hoteldelamer.bzh\/wp-content\/uploads\/2026\/01\/Capture-decran-2026-01-12-a-14.29.10-1024x890.png 1024w, https:\/\/www.hoteldelamer.bzh\/wp-content\/uploads\/2026\/01\/Capture-decran-2026-01-12-a-14.29.10-768x668.png 768w, https:\/\/www.hoteldelamer.bzh\/wp-content\/uploads\/2026\/01\/Capture-decran-2026-01-12-a-14.29.10-14x12.png 14w\" sizes=\"(max-width: 1210px) 100vw, 1210px\" title=\"\">\t\t\t\t\t\t\t\t\t\t\t\t\t\t\t<\/div>\n\t\t\t\t<\/div>\n\t\t\t\t\t<\/div>\n\t\t\t\t<\/div>\n\t\t<div class=\"elementor-element elementor-element-d0b7404 e-flex e-con-boxed e-con e-child\" data-id=\"d0b7404\" data-element_type=\"container\" data-e-type=\"container\" data-settings=\"{&quot;background_background&quot;:&quot;classic&quot;}\">\n\t\t\t\t\t<div class=\"e-con-inner\">\n\t\t\t\t<div class=\"elementor-element elementor-element-f6f4cb3 elementor-widget elementor-widget-heading\" data-id=\"f6f4cb3\" data-element_type=\"widget\" data-e-type=\"widget\" data-widget_type=\"heading.default\">\n\t\t\t\t<div class=\"elementor-widget-container\">\n\t\t\t\t\t<h3 class=\"elementor-heading-title elementor-size-default\">Le site de Meneham<\/h3>\t\t\t\t<\/div>\n\t\t\t\t<\/div>\n\t\t\t\t<div class=\"elementor-element elementor-element-7a9f4b8 elementor-widget__width-initial elementor-widget elementor-widget-text-editor\" data-id=\"7a9f4b8\" data-element_type=\"widget\" data-e-type=\"widget\" data-widget_type=\"text-editor.default\">\n\t\t\t\t<div class=\"elementor-widget-container\">\n\t\t\t\t\t\t\t\t\t<p><span class=\"a_GcMg font-feature-liga-off font-feature-clig-off font-feature-calt-off text-decoration-none text-strikethrough-none\">Village embl\u00e9matique de la C\u00f4te des L\u00e9gendes, Meneham conjugue le charme d\u2019un hameau de chaumi\u00e8res \u00e0 la beaut\u00e9 brute du littoral. Sa maison lov\u00e9e entre les rochers, ses sentiers de landes, ses maisons de pierre et son horizon marin composent un paysage singulier. Entre plage min\u00e9rale et ateliers d\u2019artisans, le site d\u00e9voile un lieu authentique, propice \u00e0 la balade, \u00e0 l\u2019\u00e9vasion et \u00e0 la d\u00e9couverte du patrimoine breton.<\/span><\/p>\t\t\t\t\t\t\t\t<\/div>\n\t\t\t\t<\/div>\n\t\t\t\t\t<\/div>\n\t\t\t\t<\/div>\n\t\t\t\t\t<\/div>\n\t\t\t\t<\/div>\n\t\t\t\t\t\t\t\t<\/div>\n\t\t\t\t\t\t\t\t\t\t\t<div class=\"swiper-slide\" data-slide=\"3\" role=\"group\" aria-roledescription=\"slide\" aria-label=\"3 sur 6\">\n\t\t\t\t\t\t\t<div class=\"elementor-element elementor-element-7c819c5 e-flex e-con-boxed e-con e-child\" data-id=\"7c819c5\" data-element_type=\"container\" data-e-type=\"container\">\n\t\t\t\t\t<div class=\"e-con-inner\">\n\t\t<div class=\"elementor-element elementor-element-64d076f content-background e-flex e-con-boxed e-con e-child\" data-id=\"64d076f\" data-element_type=\"container\" data-e-type=\"container\" data-settings=\"{&quot;background_background&quot;:&quot;classic&quot;}\">\n\t\t\t\t\t<div class=\"e-con-inner\">\n\t\t\t\t<div class=\"elementor-element elementor-element-8103327 popup-atelier-creatif elementor-widget elementor-widget-image\" data-id=\"8103327\" data-element_type=\"widget\" data-e-type=\"widget\" data-widget_type=\"image.default\">\n\t\t\t\t<div class=\"elementor-widget-container\">\n\t\t\t\t\t\t\t\t\t\t\t\t\t\t\t<img loading=\"lazy\" decoding=\"async\" width=\"1920\" height=\"1279\" src=\"https:\/\/www.hoteldelamer.bzh\/wp-content\/uploads\/2026\/01\/ile-vierge-credit-alexandre-lamoureux.jpg\" class=\"attachment-full size-full wp-image-9576\" alt=\"\" srcset=\"https:\/\/www.hoteldelamer.bzh\/wp-content\/uploads\/2026\/01\/ile-vierge-credit-alexandre-lamoureux.jpg 1920w, https:\/\/www.hoteldelamer.bzh\/wp-content\/uploads\/2026\/01\/ile-vierge-credit-alexandre-lamoureux-300x200.jpg 300w, https:\/\/www.hoteldelamer.bzh\/wp-content\/uploads\/2026\/01\/ile-vierge-credit-alexandre-lamoureux-1024x682.jpg 1024w, https:\/\/www.hoteldelamer.bzh\/wp-content\/uploads\/2026\/01\/ile-vierge-credit-alexandre-lamoureux-768x512.jpg 768w, https:\/\/www.hoteldelamer.bzh\/wp-content\/uploads\/2026\/01\/ile-vierge-credit-alexandre-lamoureux-1536x1023.jpg 1536w, https:\/\/www.hoteldelamer.bzh\/wp-content\/uploads\/2026\/01\/ile-vierge-credit-alexandre-lamoureux-18x12.jpg 18w\" sizes=\"(max-width: 1920px) 100vw, 1920px\" title=\"\">\t\t\t\t\t\t\t\t\t\t\t\t\t\t\t<\/div>\n\t\t\t\t<\/div>\n\t\t\t\t\t<\/div>\n\t\t\t\t<\/div>\n\t\t<div class=\"elementor-element elementor-element-84ffd0c e-flex e-con-boxed e-con e-child\" data-id=\"84ffd0c\" data-element_type=\"container\" data-e-type=\"container\" data-settings=\"{&quot;background_background&quot;:&quot;classic&quot;}\">\n\t\t\t\t\t<div class=\"e-con-inner\">\n\t\t\t\t<div class=\"elementor-element elementor-element-9ff08b3 elementor-widget elementor-widget-heading\" data-id=\"9ff08b3\" data-element_type=\"widget\" data-e-type=\"widget\" data-widget_type=\"heading.default\">\n\t\t\t\t<div class=\"elementor-widget-container\">\n\t\t\t\t\t<h3 class=\"elementor-heading-title elementor-size-default\">Les Abers<\/h3>\t\t\t\t<\/div>\n\t\t\t\t<\/div>\n\t\t\t\t<div class=\"elementor-element elementor-element-0397439 elementor-widget__width-initial elementor-widget elementor-widget-text-editor\" data-id=\"0397439\" data-element_type=\"widget\" data-e-type=\"widget\" data-widget_type=\"text-editor.default\">\n\t\t\t\t<div class=\"elementor-widget-container\">\n\t\t\t\t\t\t\t\t\t<p><span class=\"a_GcMg font-feature-liga-off font-feature-clig-off font-feature-calt-off text-decoration-none text-strikethrough-none\">Visiter Les Abers, c\u2019est s\u2019offrir une parenth\u00e8se hors du temps au c\u0153ur de paysages parmi les plus sauvages et pr\u00e9serv\u00e9s de Bretagne. Ici, la mer s\u2019enfonce dans les terres en dessinant de longs estuaires bord\u00e9s de prairies verdoyantes, de plages secr\u00e8tes et de ports pleins de charme. On vient aux Abers pour naviguer sur des eaux calmes entour\u00e9es de nature, randonner sur le GR34 face \u00e0 des panoramas spectaculaires, admirer des phares embl\u00e9matiques<\/span><span class=\"a_GcMg font-feature-liga-off font-feature-clig-off font-feature-calt-off text-decoration-none text-strikethrough-none\"> ou simplement d\u00e9couvrir des villages authentiques.<\/span><\/p>\t\t\t\t\t\t\t\t<\/div>\n\t\t\t\t<\/div>\n\t\t\t\t\t<\/div>\n\t\t\t\t<\/div>\n\t\t\t\t\t<\/div>\n\t\t\t\t<\/div>\n\t\t\t\t\t\t\t\t<\/div>\n\t\t\t\t\t\t\t\t\t\t\t<div class=\"swiper-slide\" data-slide=\"4\" role=\"group\" aria-roledescription=\"slide\" aria-label=\"4 sur 6\">\n\t\t\t\t\t\t\t<div class=\"elementor-element elementor-element-af561f6 e-flex e-con-boxed e-con e-child\" data-id=\"af561f6\" data-element_type=\"container\" data-e-type=\"container\">\n\t\t\t\t\t<div class=\"e-con-inner\">\n\t\t<div class=\"elementor-element elementor-element-62cae4a content-background e-flex e-con-boxed e-con e-child\" data-id=\"62cae4a\" data-element_type=\"container\" data-e-type=\"container\" data-settings=\"{&quot;background_background&quot;:&quot;classic&quot;}\">\n\t\t\t\t\t<div class=\"e-con-inner\">\n\t\t\t\t<div class=\"elementor-element elementor-element-8776269 popup-atelier-creatif elementor-widget elementor-widget-image\" data-id=\"8776269\" data-element_type=\"widget\" data-e-type=\"widget\" data-widget_type=\"image.default\">\n\t\t\t\t<div class=\"elementor-widget-container\">\n\t\t\t\t\t\t\t\t\t\t\t\t\t\t\t<img loading=\"lazy\" decoding=\"async\" width=\"1706\" height=\"2560\" src=\"https:\/\/www.hoteldelamer.bzh\/wp-content\/uploads\/2026\/01\/crtb-ae07512_Lea-Guillotte-scaled.jpeg\" class=\"attachment-full size-full wp-image-9592\" alt=\"\" srcset=\"https:\/\/www.hoteldelamer.bzh\/wp-content\/uploads\/2026\/01\/crtb-ae07512_Lea-Guillotte-scaled.jpeg 1706w, https:\/\/www.hoteldelamer.bzh\/wp-content\/uploads\/2026\/01\/crtb-ae07512_Lea-Guillotte-200x300.jpeg 200w, https:\/\/www.hoteldelamer.bzh\/wp-content\/uploads\/2026\/01\/crtb-ae07512_Lea-Guillotte-682x1024.jpeg 682w, https:\/\/www.hoteldelamer.bzh\/wp-content\/uploads\/2026\/01\/crtb-ae07512_Lea-Guillotte-768x1152.jpeg 768w, https:\/\/www.hoteldelamer.bzh\/wp-content\/uploads\/2026\/01\/crtb-ae07512_Lea-Guillotte-1024x1536.jpeg 1024w, https:\/\/www.hoteldelamer.bzh\/wp-content\/uploads\/2026\/01\/crtb-ae07512_Lea-Guillotte-1365x2048.jpeg 1365w, https:\/\/www.hoteldelamer.bzh\/wp-content\/uploads\/2026\/01\/crtb-ae07512_Lea-Guillotte-8x12.jpeg 8w\" sizes=\"(max-width: 1706px) 100vw, 1706px\" title=\"\">\t\t\t\t\t\t\t\t\t\t\t\t\t\t\t<\/div>\n\t\t\t\t<\/div>\n\t\t\t\t\t<\/div>\n\t\t\t\t<\/div>\n\t\t<div class=\"elementor-element elementor-element-bd7dd4b e-flex e-con-boxed e-con e-child\" data-id=\"bd7dd4b\" data-element_type=\"container\" data-e-type=\"container\" data-settings=\"{&quot;background_background&quot;:&quot;classic&quot;}\">\n\t\t\t\t\t<div class=\"e-con-inner\">\n\t\t\t\t<div class=\"elementor-element elementor-element-d1a109d elementor-widget elementor-widget-heading\" data-id=\"d1a109d\" data-element_type=\"widget\" data-e-type=\"widget\" data-widget_type=\"heading.default\">\n\t\t\t\t<div class=\"elementor-widget-container\">\n\t\t\t\t\t<h3 class=\"elementor-heading-title elementor-size-default\">LA BAIE DE GOULVEN<\/h3>\t\t\t\t<\/div>\n\t\t\t\t<\/div>\n\t\t\t\t<div class=\"elementor-element elementor-element-8425ab4 elementor-widget__width-initial elementor-widget elementor-widget-text-editor\" data-id=\"8425ab4\" data-element_type=\"widget\" data-e-type=\"widget\" data-widget_type=\"text-editor.default\">\n\t\t\t\t<div class=\"elementor-widget-container\">\n\t\t\t\t\t\t\t\t\t<div><div><div><p>La Baie de Goulven est un lieu o\u00f9 la nature s\u2019exprime \u00e0 grande \u00e9chelle. Avec l\u2019une des plus grandes amplitudes de mar\u00e9e d\u2019Europe, elle offre des paysages sans cesse renouvel\u00e9s : \u00e0 mar\u00e9e basse, l\u2019horizon s\u2019ouvre sur une immensit\u00e9 de sable, tandis qu\u2019\u00e0 mar\u00e9e haute la mer transforme la baie en un miroir scintillant. Class\u00e9e site naturel prot\u00e9g\u00e9, la baie s\u00e9duit par sa richesse \u00e9cologique, refuge de nombreuses esp\u00e8ces d\u2019oiseaux, et par son atmosph\u00e8re sauvage propice \u00e0 la contemplation.\u00a0<\/p><\/div><\/div><\/div>\t\t\t\t\t\t\t\t<\/div>\n\t\t\t\t<\/div>\n\t\t\t\t\t<\/div>\n\t\t\t\t<\/div>\n\t\t\t\t\t<\/div>\n\t\t\t\t<\/div>\n\t\t\t\t\t\t\t\t<\/div>\n\t\t\t\t\t\t\t\t\t\t\t<div class=\"swiper-slide\" data-slide=\"5\" role=\"group\" aria-roledescription=\"slide\" aria-label=\"5 sur 6\">\n\t\t\t\t\t\t\t<div class=\"elementor-element elementor-element-22959c0 e-flex e-con-boxed e-con e-child\" data-id=\"22959c0\" data-element_type=\"container\" data-e-type=\"container\">\n\t\t\t\t\t<div class=\"e-con-inner\">\n\t\t<div class=\"elementor-element elementor-element-f39bd44 content-background e-flex e-con-boxed e-con e-child\" data-id=\"f39bd44\" data-element_type=\"container\" data-e-type=\"container\" data-settings=\"{&quot;background_background&quot;:&quot;classic&quot;}\">\n\t\t\t\t\t<div class=\"e-con-inner\">\n\t\t\t\t<div class=\"elementor-element elementor-element-cb82c83 popup-atelier-creatif elementor-widget elementor-widget-image\" data-id=\"cb82c83\" data-element_type=\"widget\" data-e-type=\"widget\" data-widget_type=\"image.default\">\n\t\t\t\t<div class=\"elementor-widget-container\">\n\t\t\t\t\t\t\t\t\t\t\t\t\t\t\t<img loading=\"lazy\" decoding=\"async\" width=\"1024\" height=\"768\" src=\"https:\/\/www.hoteldelamer.bzh\/wp-content\/uploads\/2026\/01\/cote-des-legendes-finistere-demeuresmarines-1024x768-1.jpg\" class=\"attachment-full size-full wp-image-9566\" alt=\"\" srcset=\"https:\/\/www.hoteldelamer.bzh\/wp-content\/uploads\/2026\/01\/cote-des-legendes-finistere-demeuresmarines-1024x768-1.jpg 1024w, https:\/\/www.hoteldelamer.bzh\/wp-content\/uploads\/2026\/01\/cote-des-legendes-finistere-demeuresmarines-1024x768-1-300x225.jpg 300w, https:\/\/www.hoteldelamer.bzh\/wp-content\/uploads\/2026\/01\/cote-des-legendes-finistere-demeuresmarines-1024x768-1-768x576.jpg 768w, https:\/\/www.hoteldelamer.bzh\/wp-content\/uploads\/2026\/01\/cote-des-legendes-finistere-demeuresmarines-1024x768-1-16x12.jpg 16w\" sizes=\"(max-width: 1024px) 100vw, 1024px\" title=\"\">\t\t\t\t\t\t\t\t\t\t\t\t\t\t\t<\/div>\n\t\t\t\t<\/div>\n\t\t\t\t\t<\/div>\n\t\t\t\t<\/div>\n\t\t<div class=\"elementor-element elementor-element-ce85c9e e-flex e-con-boxed e-con e-child\" data-id=\"ce85c9e\" data-element_type=\"container\" data-e-type=\"container\" data-settings=\"{&quot;background_background&quot;:&quot;classic&quot;}\">\n\t\t\t\t\t<div class=\"e-con-inner\">\n\t\t\t\t<div class=\"elementor-element elementor-element-9f45813 elementor-widget elementor-widget-heading\" data-id=\"9f45813\" data-element_type=\"widget\" data-e-type=\"widget\" data-widget_type=\"heading.default\">\n\t\t\t\t<div class=\"elementor-widget-container\">\n\t\t\t\t\t<h3 class=\"elementor-heading-title elementor-size-default\">Phare du Pontusval<\/h3>\t\t\t\t<\/div>\n\t\t\t\t<\/div>\n\t\t\t\t<div class=\"elementor-element elementor-element-8016471 elementor-widget__width-initial elementor-widget elementor-widget-text-editor\" data-id=\"8016471\" data-element_type=\"widget\" data-e-type=\"widget\" data-widget_type=\"text-editor.default\">\n\t\t\t\t<div class=\"elementor-widget-container\">\n\t\t\t\t\t\t\t\t\t<p>Tr\u00f4nant fi\u00e8rement au c\u0153ur d\u2019un ensemble de chaos granitiques, entre deux plages de sable fin, ce phare breton embl\u00e9matique est bien plus qu&rsquo;un simple monument. C&rsquo;est le gardien des mers, le t\u00e9moin silencieux des histoires maritimes pass\u00e9es. Le phare de Pontusval raconte des histoires de courage, d&rsquo;aventures et d&rsquo;espoir, rappelant le lien ind\u00e9fectible entre l&rsquo;homme et la mer.<\/p>\t\t\t\t\t\t\t\t<\/div>\n\t\t\t\t<\/div>\n\t\t\t\t\t<\/div>\n\t\t\t\t<\/div>\n\t\t\t\t\t<\/div>\n\t\t\t\t<\/div>\n\t\t\t\t\t\t\t\t<\/div>\n\t\t\t\t\t\t\t\t\t\t\t<div class=\"swiper-slide\" data-slide=\"6\" role=\"group\" aria-roledescription=\"slide\" aria-label=\"6 sur 6\">\n\t\t\t\t\t\t\t<div class=\"elementor-element elementor-element-dfd86aa e-flex e-con-boxed e-con e-child\" data-id=\"dfd86aa\" data-element_type=\"container\" data-e-type=\"container\">\n\t\t\t\t\t<div class=\"e-con-inner\">\n\t\t<div class=\"elementor-element elementor-element-ae8a17d content-background e-flex e-con-boxed e-con e-child\" data-id=\"ae8a17d\" data-element_type=\"container\" data-e-type=\"container\" data-settings=\"{&quot;background_background&quot;:&quot;classic&quot;}\">\n\t\t\t\t\t<div class=\"e-con-inner\">\n\t\t\t\t<div class=\"elementor-element elementor-element-e4eba32 popup-atelier-creatif elementor-widget elementor-widget-image\" data-id=\"e4eba32\" data-element_type=\"widget\" data-e-type=\"widget\" data-widget_type=\"image.default\">\n\t\t\t\t<div class=\"elementor-widget-container\">\n\t\t\t\t\t\t\t\t\t\t\t\t\t\t\t<img loading=\"lazy\" decoding=\"async\" width=\"960\" height=\"640\" src=\"https:\/\/www.hoteldelamer.bzh\/wp-content\/uploads\/2026\/01\/village-7258991_960_720.jpg\" class=\"attachment-full size-full wp-image-9598\" alt=\"\" srcset=\"https:\/\/www.hoteldelamer.bzh\/wp-content\/uploads\/2026\/01\/village-7258991_960_720.jpg 960w, https:\/\/www.hoteldelamer.bzh\/wp-content\/uploads\/2026\/01\/village-7258991_960_720-300x200.jpg 300w, https:\/\/www.hoteldelamer.bzh\/wp-content\/uploads\/2026\/01\/village-7258991_960_720-768x512.jpg 768w, https:\/\/www.hoteldelamer.bzh\/wp-content\/uploads\/2026\/01\/village-7258991_960_720-18x12.jpg 18w\" sizes=\"(max-width: 960px) 100vw, 960px\" title=\"\">\t\t\t\t\t\t\t\t\t\t\t\t\t\t\t<\/div>\n\t\t\t\t<\/div>\n\t\t\t\t\t<\/div>\n\t\t\t\t<\/div>\n\t\t<div class=\"elementor-element elementor-element-a4f19dd e-flex e-con-boxed e-con e-child\" data-id=\"a4f19dd\" data-element_type=\"container\" data-e-type=\"container\" data-settings=\"{&quot;background_background&quot;:&quot;classic&quot;}\">\n\t\t\t\t\t<div class=\"e-con-inner\">\n\t\t\t\t<div class=\"elementor-element elementor-element-c14b330 elementor-widget elementor-widget-heading\" data-id=\"c14b330\" data-element_type=\"widget\" data-e-type=\"widget\" data-widget_type=\"heading.default\">\n\t\t\t\t<div class=\"elementor-widget-container\">\n\t\t\t\t\t<h3 class=\"elementor-heading-title elementor-size-default\">Lesneven<\/h3>\t\t\t\t<\/div>\n\t\t\t\t<\/div>\n\t\t\t\t<div class=\"elementor-element elementor-element-e7da970 elementor-widget__width-initial elementor-widget elementor-widget-text-editor\" data-id=\"e7da970\" data-element_type=\"widget\" data-e-type=\"widget\" data-widget_type=\"text-editor.default\">\n\t\t\t\t<div class=\"elementor-widget-container\">\n\t\t\t\t\t\t\t\t\t<p>Ville \u00e0 taille humaine, Lesneven s\u00e9duit par son authenticit\u00e9 bretonne et son dynamisme. V\u00e9ritable carrefour entre la c\u00f4te et la campagne, elle offre une atmosph\u00e8re chaleureuse o\u00f9 se m\u00ealent patrimoine, vie locale anim\u00e9e et douceur de vivre bretonne. On y fl\u00e2ne dans son centre-ville convivial, r\u00e9put\u00e9 pour son march\u00e9 vivant et color\u00e9, reflet d\u2019un terroir riche et g\u00e9n\u00e9reux. Lesneven incarne une Bretagne moderne mais fid\u00e8le \u00e0 ses traditions, id\u00e9ale pour une balade au rythme local.<\/p><div class=\"z-0 flex min-h-[46px] justify-start\">\u00a0<\/div><div class=\"mt-3 w-full empty:hidden\"><div class=\"text-center\"><div><div class=\"inline-flex border border-gray-100 dark:border-gray-700 rounded-xl\"><div class=\"text-token-text-secondary flex items-center justify-center gap-4 px-4 py-2.5 text-sm whitespace-nowrap\">\u00a0<\/div><\/div><\/div><\/div><\/div>\t\t\t\t\t\t\t\t<\/div>\n\t\t\t\t<\/div>\n\t\t\t\t\t<\/div>\n\t\t\t\t<\/div>\n\t\t\t\t\t<\/div>\n\t\t\t\t<\/div>\n\t\t\t\t\t\t\t\t<\/div>\n\t\t\t\t\t\t\t\t<\/div>\n\t\t<\/div>\n\t\t\t\t\t<div class=\"elementor-swiper-button elementor-swiper-button-prev\" role=\"button\" tabindex=\"0\" aria-label=\"Pr\u00e9c\u00e9dent\">\n\t\t\t\t<svg xmlns=\"http:\/\/www.w3.org\/2000\/svg\" width=\"91.1\" height=\"20.852\" viewBox=\"0 0 91.1 20.852\"><g id=\"fleche_prev_bleu\" data-name=\"fleche prev bleu\" transform=\"translate(1.06 1.058)\"><g id=\"Groupe_304\" data-name=\"Groupe 304\" transform=\"translate(633.79 3182.591) rotate(180)\"><line id=\"Ligne_109\" data-name=\"Ligne 109\" x2=\"89.29\" transform=\"translate(544.5 3173.223)\" fill=\"none\" stroke=\"#4b6470\" stroke-linecap=\"round\" stroke-width=\"1.5\"><\/line><g id=\"Groupe_303\" data-name=\"Groupe 303\" transform=\"translate(625.183 3182.591) rotate(-90)\"><path id=\"Trac&#xE9;_9\" data-name=\"Trac&#xE9; 9\" d=\"M0,0A116.755,116.755,0,0,1,9.263,8.608\" fill=\"none\" stroke=\"#4b6470\" stroke-linecap=\"round\" stroke-width=\"1.5\"><\/path><path id=\"Trac&#xE9;_10\" data-name=\"Trac&#xE9; 10\" d=\"M9.263,0A116.755,116.755,0,0,0,0,8.608\" transform=\"translate(9.474)\" fill=\"none\" stroke=\"#4b6470\" stroke-linecap=\"round\" stroke-width=\"1.5\"><\/path><\/g><\/g><\/g><\/svg>\t\t\t<\/div>\n\t\t\t<div class=\"elementor-swiper-button elementor-swiper-button-next\" role=\"button\" tabindex=\"0\" aria-label=\"Suivant\">\n\t\t\t\t<svg xmlns=\"http:\/\/www.w3.org\/2000\/svg\" width=\"102.015\" height=\"20.852\" viewBox=\"0 0 102.015 20.852\"><g id=\"fleche_next_bleu\" data-name=\"fleche next bleu\" transform=\"translate(0.75 1.058)\"><line id=\"Ligne_109\" data-name=\"Ligne 109\" x2=\"100.205\" transform=\"translate(0 9.368)\" fill=\"none\" stroke=\"#4b6470\" stroke-linecap=\"round\" stroke-width=\"1.5\"><\/line><g id=\"Groupe_303\" data-name=\"Groupe 303\" transform=\"translate(105.508 9.696) rotate(-90)\"><path id=\"Trac&#xE9;_9\" data-name=\"Trac&#xE9; 9\" d=\"M0,0A116.755,116.755,0,0,1,9.263,8.608\" transform=\"translate(-9.041 -13.91)\" fill=\"none\" stroke=\"#4b6470\" stroke-linecap=\"round\" stroke-width=\"1.5\"><\/path><path id=\"Trac&#xE9;_10\" data-name=\"Trac&#xE9; 10\" d=\"M9.263,0A116.755,116.755,0,0,0,0,8.608\" transform=\"translate(0.433 -13.91)\" fill=\"none\" stroke=\"#4b6470\" stroke-linecap=\"round\" stroke-width=\"1.5\"><\/path><\/g><\/g><\/svg>\t\t\t<\/div>\n\t\t\t\t\t\t<\/div>\n\t\t\t\t<\/div>\n\t\t\t\t\t<\/div>\n\t\t\t\t<\/div>\n\t\t\t\t<\/section>\n\t\t<div class=\"elementor-element elementor-element-56dea17 e-con-full deguster-ecran-bistro e-flex e-con e-parent\" data-id=\"56dea17\" data-element_type=\"container\" data-e-type=\"container\">\n\t\t<div class=\"elementor-element elementor-element-2813c76 e-con-full content-bistro e-flex e-con e-child\" data-id=\"2813c76\" data-element_type=\"container\" data-e-type=\"container\" data-settings=\"{&quot;background_background&quot;:&quot;classic&quot;}\">\n\t\t<div class=\"elementor-element elementor-element-3ba6b5c e-con-full elementor-hidden-desktop elementor-hidden-laptop elementor-hidden-tablet_extra elementor-hidden-tablet e-flex e-con e-child\" data-id=\"3ba6b5c\" data-element_type=\"container\" data-e-type=\"container\" data-settings=\"{&quot;background_background&quot;:&quot;classic&quot;}\">\n\t\t\t\t<\/div>\n\t\t<article class=\"elementor-element elementor-element-febcabd e-con-full article e-flex e-con e-child\" data-id=\"febcabd\" data-element_type=\"container\" data-e-type=\"container\" data-settings=\"{&quot;background_background&quot;:&quot;classic&quot;}\">\n\t\t\t\t<div class=\"elementor-element elementor-element-71f58d6 elementor-widget__width-inherit elementor-widget elementor-widget-heading\" data-id=\"71f58d6\" data-element_type=\"widget\" data-e-type=\"widget\" data-widget_type=\"heading.default\">\n\t\t\t\t<div class=\"elementor-widget-container\">\n\t\t\t\t\t<span class=\"elementor-heading-title elementor-size-default\">Site naturel<\/span>\t\t\t\t<\/div>\n\t\t\t\t<\/div>\n\t\t\t\t<div class=\"elementor-element elementor-element-08adb30 elementor-widget__width-inherit elementor-widget elementor-widget-heading\" data-id=\"08adb30\" data-element_type=\"widget\" data-e-type=\"widget\" data-widget_type=\"heading.default\">\n\t\t\t\t<div class=\"elementor-widget-container\">\n\t\t\t\t\t<span class=\"elementor-heading-title elementor-size-default\">&amp; farniente<\/span>\t\t\t\t<\/div>\n\t\t\t\t<\/div>\n\t\t\t\t<div class=\"elementor-element elementor-element-ccec256 elementor-widget elementor-widget-text-editor\" data-id=\"ccec256\" data-element_type=\"widget\" data-e-type=\"widget\" data-widget_type=\"text-editor.default\">\n\t\t\t\t<div class=\"elementor-widget-container\">\n\t\t\t\t\t\t\t\t\t<p>Autour de H\u00f4tel de la Mer, le littoral de <span class=\"hover:entity-accent entity-underline inline cursor-pointer align-baseline\"><span class=\"whitespace-normal\">Brignogan-Plages<\/span><\/span> incarne parfaitement l\u2019esprit <em data-start=\"160\" data-end=\"187\">site naturel et farniente<\/em>. Ici, la nature est reine : de grandes plages de sable clair bord\u00e9es de rochers sculpt\u00e9s par le vent et la mer, une eau aux reflets turquoise et une lumi\u00e8re douce qui invite au l\u00e2cher-prise. Le rythme ralentit naturellement, port\u00e9 par le bruit des vagues et l\u2019air iod\u00e9. C\u2019est un lieu privil\u00e9gi\u00e9 pour se ressourcer, savourer des instants simples et vivre la Bretagne dans sa version la plus douce, entre nature pr\u00e9serv\u00e9e et plaisirs du bord de mer.<\/p>\t\t\t\t\t\t\t\t<\/div>\n\t\t\t\t<\/div>\n\t\t\t\t<\/article>\n\t\t\t\t<\/div>\n\t\t\t\t<\/div>\n\t\t<section class=\"elementor-element elementor-element-43bf5c8 profiter-activites e-flex e-con-boxed e-con e-parent\" data-id=\"43bf5c8\" data-element_type=\"container\" data-e-type=\"container\">\n\t\t\t\t\t<div class=\"e-con-inner\">\n\t\t<div class=\"elementor-element elementor-element-2614ba3 e-con-full col-ext e-flex e-con e-child\" data-id=\"2614ba3\" data-element_type=\"container\" data-e-type=\"container\">\n\t\t<div class=\"elementor-element elementor-element-2fb4529 e-con-full e-flex e-con e-child\" data-id=\"2fb4529\" data-element_type=\"container\" data-e-type=\"container\">\n\t\t\t\t<div class=\"elementor-element elementor-element-74bf78f image elementor-widget-mobile__width-initial elementor-widget__width-initial elementor-widget elementor-widget-image\" data-id=\"74bf78f\" data-element_type=\"widget\" data-e-type=\"widget\" data-widget_type=\"image.default\">\n\t\t\t\t<div class=\"elementor-widget-container\">\n\t\t\t\t\t\t\t\t\t\t\t\t\t\t\t<img loading=\"lazy\" decoding=\"async\" width=\"612\" height=\"410\" src=\"https:\/\/www.hoteldelamer.bzh\/wp-content\/uploads\/2024\/10\/istockphoto-91347862-612x612-1.jpg\" class=\"attachment-full size-full wp-image-6879\" alt=\"\" srcset=\"https:\/\/www.hoteldelamer.bzh\/wp-content\/uploads\/2024\/10\/istockphoto-91347862-612x612-1.jpg 612w, https:\/\/www.hoteldelamer.bzh\/wp-content\/uploads\/2024\/10\/istockphoto-91347862-612x612-1-300x201.jpg 300w, https:\/\/www.hoteldelamer.bzh\/wp-content\/uploads\/2024\/10\/istockphoto-91347862-612x612-1-18x12.jpg 18w\" sizes=\"(max-width: 612px) 100vw, 612px\" title=\"\">\t\t\t\t\t\t\t\t\t\t\t\t\t\t\t<\/div>\n\t\t\t\t<\/div>\n\t\t\t\t<div class=\"elementor-element elementor-element-c3a4073 elementor-widget-tablet_extra__width-initial elementor-widget__width-initial elementor-widget elementor-widget-heading\" data-id=\"c3a4073\" data-element_type=\"widget\" data-e-type=\"widget\" data-widget_type=\"heading.default\">\n\t\t\t\t<div class=\"elementor-widget-container\">\n\t\t\t\t\t<h2 class=\"elementor-heading-title elementor-size-default\">Activit\u00e9 nautiques<\/h2>\t\t\t\t<\/div>\n\t\t\t\t<\/div>\n\t\t\t\t<div class=\"elementor-element elementor-element-1e63ed5 elementor-widget__width-initial elementor-widget elementor-widget-text-editor\" data-id=\"1e63ed5\" data-element_type=\"widget\" data-e-type=\"widget\" data-widget_type=\"text-editor.default\">\n\t\t\t\t<div class=\"elementor-widget-container\">\n\t\t\t\t\t\t\t\t\t<div><div><div><p>\u00c0 proximit\u00e9 de l\u2019H\u00f4tel de la Mer, le littoral se pr\u00eate naturellement \u00e0 la pratique des sports nautiques. Les grandes plages offrent un terrain id\u00e9al pour s\u2019initier au char \u00e0 voile, tandis que le kayak et le paddle permettent d\u2019explorer la c\u00f4te \u00e0 son rythme, au fil de l\u2019eau. Des activit\u00e9s accessibles \u00e0 tous, pour vivre pleinement l\u2019exp\u00e9rience marine du Finist\u00e8re.<\/p><\/div><\/div><\/div>\t\t\t\t\t\t\t\t<\/div>\n\t\t\t\t<\/div>\n\t\t\t\t<\/div>\n\t\t\t\t<\/div>\n\t\t<div class=\"elementor-element elementor-element-599f43a e-con-full col-int e-flex e-con e-child\" data-id=\"599f43a\" data-element_type=\"container\" data-e-type=\"container\">\n\t\t<div class=\"elementor-element elementor-element-5681f0a e-con-full e-flex e-con e-child\" data-id=\"5681f0a\" data-element_type=\"container\" data-e-type=\"container\">\n\t\t\t\t<div class=\"elementor-element elementor-element-3fb9f26 elementor-widget__width-inherit elementor-widget elementor-widget-heading\" data-id=\"3fb9f26\" data-element_type=\"widget\" data-e-type=\"widget\" data-widget_type=\"heading.default\">\n\t\t\t\t<div class=\"elementor-widget-container\">\n\t\t\t\t\t<span class=\"elementor-heading-title elementor-size-default\">Nos diff\u00e9rentes activit\u00e9s<\/span>\t\t\t\t<\/div>\n\t\t\t\t<\/div>\n\t\t\t\t<div class=\"elementor-element elementor-element-c2e63b5 elementor-widget__width-inherit elementor-widget elementor-widget-heading\" data-id=\"c2e63b5\" data-element_type=\"widget\" data-e-type=\"widget\" data-widget_type=\"heading.default\">\n\t\t\t\t<div class=\"elementor-widget-container\">\n\t\t\t\t\t<span class=\"elementor-heading-title elementor-size-default\">sportives<\/span>\t\t\t\t<\/div>\n\t\t\t\t<\/div>\n\t\t\t\t<\/div>\n\t\t<div class=\"elementor-element elementor-element-5010515 e-con-full e-flex e-con e-child\" data-id=\"5010515\" data-element_type=\"container\" data-e-type=\"container\">\n\t\t\t\t<div class=\"elementor-element elementor-element-b59b044 image elementor-widget-mobile__width-initial elementor-widget__width-initial elementor-widget elementor-widget-image\" data-id=\"b59b044\" data-element_type=\"widget\" data-e-type=\"widget\" data-widget_type=\"image.default\">\n\t\t\t\t<div class=\"elementor-widget-container\">\n\t\t\t\t\t\t\t\t\t\t\t\t\t\t\t<img loading=\"lazy\" decoding=\"async\" width=\"2560\" height=\"1707\" src=\"https:\/\/www.hoteldelamer.bzh\/wp-content\/uploads\/2024\/02\/bto-aa9465_BERTHIER-Emmanuel-scaled.jpg\" class=\"attachment-full size-full wp-image-6761\" alt=\"\" srcset=\"https:\/\/www.hoteldelamer.bzh\/wp-content\/uploads\/2024\/02\/bto-aa9465_BERTHIER-Emmanuel-scaled.jpg 2560w, https:\/\/www.hoteldelamer.bzh\/wp-content\/uploads\/2024\/02\/bto-aa9465_BERTHIER-Emmanuel-300x200.jpg 300w, https:\/\/www.hoteldelamer.bzh\/wp-content\/uploads\/2024\/02\/bto-aa9465_BERTHIER-Emmanuel-1024x683.jpg 1024w, https:\/\/www.hoteldelamer.bzh\/wp-content\/uploads\/2024\/02\/bto-aa9465_BERTHIER-Emmanuel-768x512.jpg 768w, https:\/\/www.hoteldelamer.bzh\/wp-content\/uploads\/2024\/02\/bto-aa9465_BERTHIER-Emmanuel-1536x1024.jpg 1536w, https:\/\/www.hoteldelamer.bzh\/wp-content\/uploads\/2024\/02\/bto-aa9465_BERTHIER-Emmanuel-2048x1365.jpg 2048w, https:\/\/www.hoteldelamer.bzh\/wp-content\/uploads\/2024\/02\/bto-aa9465_BERTHIER-Emmanuel-18x12.jpg 18w\" sizes=\"(max-width: 2560px) 100vw, 2560px\" title=\"\">\t\t\t\t\t\t\t\t\t\t\t\t\t\t\t<\/div>\n\t\t\t\t<\/div>\n\t\t\t\t<div class=\"elementor-element elementor-element-8c299a3 elementor-widget-tablet_extra__width-initial elementor-widget__width-initial elementor-widget elementor-widget-heading\" data-id=\"8c299a3\" data-element_type=\"widget\" data-e-type=\"widget\" data-widget_type=\"heading.default\">\n\t\t\t\t<div class=\"elementor-widget-container\">\n\t\t\t\t\t<h2 class=\"elementor-heading-title elementor-size-default\">RANDONN\u00c9E<\/h2>\t\t\t\t<\/div>\n\t\t\t\t<\/div>\n\t\t\t\t<div class=\"elementor-element elementor-element-1ad3df8 elementor-widget__width-initial elementor-widget elementor-widget-text-editor\" data-id=\"1ad3df8\" data-element_type=\"widget\" data-e-type=\"widget\" data-widget_type=\"text-editor.default\">\n\t\t\t\t<div class=\"elementor-widget-container\">\n\t\t\t\t\t\t\t\t\t<div><div><div><p>\u00c0 proximit\u00e9 de l\u2019H\u00f4tel de la Mer, le GR 34 offre un terrain de randonn\u00e9e exceptionnel, alternant chemins c\u00f4tiers et points de vue ouverts sur l\u2019horizon. Par temps clair, l\u2019itin\u00e9raire d\u00e9voile des vues lointaines sur l\u2019\u00eele d\u2019Ouessant et l\u2019\u00eele de Sein, invitant \u00e0 une randonn\u00e9e ponctu\u00e9e de pauses contemplatives.<\/p><\/div><\/div><\/div>\t\t\t\t\t\t\t\t<\/div>\n\t\t\t\t<\/div>\n\t\t\t\t<\/div>\n\t\t\t\t<\/div>\n\t\t<div class=\"elementor-element elementor-element-a0e4cc1 e-con-full col-ext e-flex e-con e-child\" data-id=\"a0e4cc1\" data-element_type=\"container\" data-e-type=\"container\">\n\t\t<div class=\"elementor-element elementor-element-13c9620 e-con-full e-flex e-con e-child\" data-id=\"13c9620\" data-element_type=\"container\" data-e-type=\"container\">\n\t\t\t\t<div class=\"elementor-element elementor-element-1b4e9b5 image elementor-widget-mobile__width-initial elementor-widget__width-initial elementor-widget elementor-widget-image\" data-id=\"1b4e9b5\" data-element_type=\"widget\" data-e-type=\"widget\" data-widget_type=\"image.default\">\n\t\t\t\t<div class=\"elementor-widget-container\">\n\t\t\t\t\t\t\t\t\t\t\t\t\t\t\t<img loading=\"lazy\" decoding=\"async\" width=\"700\" height=\"828\" src=\"https:\/\/www.hoteldelamer.bzh\/wp-content\/uploads\/2026\/01\/Capture-decran-2026-01-12-a-15.52.25-e1768229572973.png\" class=\"attachment-full size-full wp-image-9618\" alt=\"\" srcset=\"https:\/\/www.hoteldelamer.bzh\/wp-content\/uploads\/2026\/01\/Capture-decran-2026-01-12-a-15.52.25-e1768229572973.png 700w, https:\/\/www.hoteldelamer.bzh\/wp-content\/uploads\/2026\/01\/Capture-decran-2026-01-12-a-15.52.25-e1768229572973-254x300.png 254w, https:\/\/www.hoteldelamer.bzh\/wp-content\/uploads\/2026\/01\/Capture-decran-2026-01-12-a-15.52.25-e1768229572973-10x12.png 10w\" sizes=\"(max-width: 700px) 100vw, 700px\" title=\"\">\t\t\t\t\t\t\t\t\t\t\t\t\t\t\t<\/div>\n\t\t\t\t<\/div>\n\t\t\t\t<div class=\"elementor-element elementor-element-28f4244 elementor-widget-tablet_extra__width-initial elementor-widget__width-initial elementor-widget elementor-widget-heading\" data-id=\"28f4244\" data-element_type=\"widget\" data-e-type=\"widget\" data-widget_type=\"heading.default\">\n\t\t\t\t<div class=\"elementor-widget-container\">\n\t\t\t\t\t<h2 class=\"elementor-heading-title elementor-size-default\">LONGE-C\u00d4TE<\/h2>\t\t\t\t<\/div>\n\t\t\t\t<\/div>\n\t\t\t\t<div class=\"elementor-element elementor-element-39bea61 elementor-widget__width-initial elementor-widget elementor-widget-text-editor\" data-id=\"39bea61\" data-element_type=\"widget\" data-e-type=\"widget\" data-widget_type=\"text-editor.default\">\n\t\t\t\t<div class=\"elementor-widget-container\">\n\t\t\t\t\t\t\t\t\t<div><div><div><p>\u00c0 quelques pas de l\u2019H\u00f4tel de la Mer, le longe-c\u00f4te est une mani\u00e8re douce et vivifiante de d\u00e9couvrir le littoral. Cette marche aquatique, pratiqu\u00e9e en mer au rythme des vagues, permet de profiter pleinement des bienfaits de l\u2019oc\u00e9an tout en restant accessible \u00e0 tous.<\/p><\/div><\/div><\/div>\t\t\t\t\t\t\t\t<\/div>\n\t\t\t\t<\/div>\n\t\t\t\t<\/div>\n\t\t\t\t<\/div>\n\t\t\t\t\t<\/div>\n\t\t\t\t<\/section>\n\t\t<section class=\"elementor-element elementor-element-d31b2eb e-flex e-con-boxed e-con e-parent\" data-id=\"d31b2eb\" data-element_type=\"container\" data-e-type=\"container\" data-settings=\"{&quot;background_background&quot;:&quot;classic&quot;}\">\n\t\t\t\t\t<div class=\"e-con-inner\">\n\t\t<div class=\"elementor-element elementor-element-2f87e1f e-con-full e-flex e-con e-child\" data-id=\"2f87e1f\" data-element_type=\"container\" data-e-type=\"container\" data-settings=\"{&quot;background_background&quot;:&quot;classic&quot;}\">\n\t\t<div class=\"elementor-element elementor-element-59ad234 e-con-full e-flex e-con e-child\" data-id=\"59ad234\" data-element_type=\"container\" data-e-type=\"container\" data-settings=\"{&quot;background_background&quot;:&quot;classic&quot;}\">\n\t\t\t\t<div class=\"elementor-element elementor-element-8f88c3f elementor-cta--valign-middle elementor-widget__width-initial btn-maillage boite-action-maillage elementor-cta--skin-classic elementor-animated-content elementor-widget elementor-widget-call-to-action\" data-id=\"8f88c3f\" data-element_type=\"widget\" data-e-type=\"widget\" data-widget_type=\"call-to-action.default\">\n\t\t\t\t<div class=\"elementor-widget-container\">\n\t\t\t\t\t\t\t<a class=\"elementor-cta\" href=\"https:\/\/www.hoteldelamer.bzh\/de\/acces-contact-hotel-finistere-vue-mer\/\">\n\t\t\t\t\t\t\t<div class=\"elementor-cta__content\">\n\t\t\t\t\n\t\t\t\t\t\t\t\t\t<div class=\"elementor-cta__title elementor-cta__content-item elementor-content-item\">\n\t\t\t\t\t\tAcc\u00e8s\t\t\t\t\t<\/div>\n\t\t\t\t\n\t\t\t\t\t\t\t\t\t<div class=\"elementor-cta__description elementor-cta__content-item elementor-content-item\">\n\t\t\t\t\t\t&amp; contact\t\t\t\t\t<\/div>\n\t\t\t\t\n\t\t\t\t\t\t\t<\/div>\n\t\t\t\t\t\t<\/a>\n\t\t\t\t\t\t<\/div>\n\t\t\t\t<\/div>\n\t\t\t\t<\/div>\n\t\t\t\t<\/div>\n\t\t\t\t\t<\/div>\n\t\t\t\t<\/section>\n\t\t\t\t<\/div>\n\t\t","protected":false},"excerpt":{"rendered":"<p>se balader le long du littoral breton La C\u00f4te des L\u00e9gendes Visiter le Finist\u00e8re Entre landes, lumi\u00e8re changeante et horizon marin, la C\u00f4te des L\u00e9gendes d\u00e9voile une Bretagne \u00e0 la fois sauvage et po\u00e9tique. Ici, chaque paysage semble raconter une histoire, port\u00e9e par le vent, les mar\u00e9es et les r\u00e9cits d\u2019autrefois. Cette c\u00f4te singuli\u00e8re offre [&hellip;]<\/p>\n","protected":false},"author":4,"featured_media":0,"parent":0,"menu_order":10,"comment_status":"closed","ping_status":"closed","template":"","meta":{"inline_featured_image":false,"footnotes":""},"class_list":["post-89","page","type-page","status-publish","hentry"],"_links":{"self":[{"href":"https:\/\/www.hoteldelamer.bzh\/de\/wp-json\/wp\/v2\/pages\/89","targetHints":{"allow":["GET"]}}],"collection":[{"href":"https:\/\/www.hoteldelamer.bzh\/de\/wp-json\/wp\/v2\/pages"}],"about":[{"href":"https:\/\/www.hoteldelamer.bzh\/de\/wp-json\/wp\/v2\/types\/page"}],"author":[{"embeddable":true,"href":"https:\/\/www.hoteldelamer.bzh\/de\/wp-json\/wp\/v2\/users\/4"}],"replies":[{"embeddable":true,"href":"https:\/\/www.hoteldelamer.bzh\/de\/wp-json\/wp\/v2\/comments?post=89"}],"version-history":[{"count":381,"href":"https:\/\/www.hoteldelamer.bzh\/de\/wp-json\/wp\/v2\/pages\/89\/revisions"}],"predecessor-version":[{"id":9624,"href":"https:\/\/www.hoteldelamer.bzh\/de\/wp-json\/wp\/v2\/pages\/89\/revisions\/9624"}],"wp:attachment":[{"href":"https:\/\/www.hoteldelamer.bzh\/de\/wp-json\/wp\/v2\/media?parent=89"}],"curies":[{"name":"wp","href":"https:\/\/api.w.org\/{rel}","templated":true}]}}